{"id":3014,"date":"2022-03-26T22:23:23","date_gmt":"2022-03-27T03:23:23","guid":{"rendered":"http:\/\/pasionycorazon.org\/?page_id=3014"},"modified":"2023-02-24T11:19:42","modified_gmt":"2023-02-24T16:19:42","slug":"proyectos","status":"publish","type":"page","link":"http:\/\/pasionycorazon.org\/index.php\/proyectos\/","title":{"rendered":"Proyectos"},"content":{"rendered":"\t\t<div data-elementor-type=\"wp-page\" data-elementor-id=\"3014\" class=\"elementor elementor-3014\">\n\t\t\t\t\t\t<section class=\"elementor-section elementor-top-section elementor-element elementor-element-o1blcmw elementor-section-boxed elementor-section-height-default elementor-section-height-default\" data-id=\"o1blcmw\" data-element_type=\"section\">\n\t\t\t\t\t\t<div class=\"elementor-container elementor-column-gap-no\">\n\t\t\t\t\t<div class=\"elementor-column elementor-col-100 elementor-top-column elementor-element elementor-element-730f282\" data-id=\"730f282\" data-element_type=\"column\">\n\t\t\t<div class=\"elementor-widget-wrap elementor-element-populated\">\n\t\t\t\t\t\t<div class=\"elementor-element elementor-element-f6960f1 elementor-widget elementor-widget-heading\" data-id=\"f6960f1\" data-element_type=\"widget\" data-widget_type=\"heading.default\">\n\t\t\t\t<div class=\"elementor-widget-container\">\n\t\t\t<h1 class=\"elementor-heading-title elementor-size-default\">Nuestros Proyectos<\/h1>\t\t<\/div>\n\t\t\t\t<\/div>\n\t\t\t\t<section class=\"elementor-section elementor-inner-section elementor-element elementor-element-3e4e694 elementor-section-content-middle elementor-reverse-tablet elementor-reverse-mobile elementor-section-boxed elementor-section-height-default elementor-section-height-default\" data-id=\"3e4e694\" data-element_type=\"section\">\n\t\t\t\t\t\t<div class=\"elementor-container elementor-column-gap-no\">\n\t\t\t\t\t<div class=\"elementor-column elementor-col-33 elementor-inner-column elementor-element elementor-element-d4d12d3\" data-id=\"d4d12d3\" data-element_type=\"column\" data-settings=\"{&quot;background_background&quot;:&quot;classic&quot;}\">\n\t\t\t<div class=\"elementor-widget-wrap elementor-element-populated\">\n\t\t\t\t\t\t<div class=\"elementor-element elementor-element-02990d7 elementor-widget elementor-widget-heading\" data-id=\"02990d7\" data-element_type=\"widget\" data-widget_type=\"heading.default\">\n\t\t\t\t<div class=\"elementor-widget-container\">\n\t\t\t<h2 class=\"elementor-heading-title elementor-size-default\"><div style=\"text-align: start;\"><span style=\"color: var(--ast-global-color-2); font-style: inherit; font-size: 25px;\"><font face=\"Roboto, sans-serif\"><b>Filarm\u00f3nica Metropolitana<\/b><\/font><\/span><span style=\"color: var( --e-global-color-accent ); font-family: var( --e-global-typography-primary-font-family ), Sans-serif; font-size: 2rem; font-style: inherit; font-weight: var( --e-global-typography-primary-font-weight ); text-align: right;\"><\/span><\/div><\/h2>\t\t<\/div>\n\t\t\t\t<\/div>\n\t\t\t\t<div class=\"elementor-element elementor-element-fdaeba5 elementor-widget elementor-widget-text-editor\" data-id=\"fdaeba5\" data-element_type=\"widget\" data-widget_type=\"text-editor.default\">\n\t\t\t\t<div class=\"elementor-widget-container\">\n\t\t\t\t\t\t\t<p class=\"p1\">La Filarm\u00f3nica Metropolitana nace en la Comuna 4, Aranjuez, en la ciudad de Medell\u00edn. En nuestros 5 a\u00f1os de trayectoria hemos contado con la participaci\u00f3n de m\u00e1s de 300 m\u00fasicos que provienen de los diferentes municipios del Valle de Aburr\u00e1 y del resto del departamento de Antioquia. Trabajamos en la producci\u00f3n, difusi\u00f3n y promoci\u00f3n de actividades de contenido cultural innovando en g\u00e9neros, sonidos y puestas en escena, para convertir la m\u00fasica orquestal en parte de la cotidianidad.<\/p><p class=\"p2\"><span class=\"s1\">Cantidad de beneficiarios:<\/span> 350 adolescentes y j\u00f3venes <br \/><span class=\"s1\">\u00c1rea de influencia<\/span>: Valle de Aburr\u00e1 <br \/><span class=\"s1\">Redes sociales<\/span>:\u00a0<\/p>\t\t\t\t\t\t<\/div>\n\t\t\t\t<\/div>\n\t\t\t\t<div class=\"elementor-element elementor-element-bda6131 elementor-shape-circle e-grid-align-left elementor-grid-0 elementor-widget elementor-widget-social-icons\" data-id=\"bda6131\" data-element_type=\"widget\" data-widget_type=\"social-icons.default\">\n\t\t\t\t<div class=\"elementor-widget-container\">\n\t\t\t\t\t<div class=\"elementor-social-icons-wrapper elementor-grid\">\n\t\t\t\t\t\t\t<span class=\"elementor-grid-item\">\n\t\t\t\t\t<a class=\"elementor-icon elementor-social-icon elementor-social-icon-instagram elementor-repeater-item-03db302\" href=\"https:\/\/www.instagram.com\/filarmonicametropolitana\/%20\" target=\"_blank\">\n\t\t\t\t\t\t<span class=\"elementor-screen-only\">Instagram<\/span>\n\t\t\t\t\t\t<i class=\"fab fa-instagram\"><\/i>\t\t\t\t\t<\/a>\n\t\t\t\t<\/span>\n\t\t\t\t\t<\/div>\n\t\t\t\t<\/div>\n\t\t\t\t<\/div>\n\t\t\t\t\t<\/div>\n\t\t<\/div>\n\t\t\t\t<div class=\"elementor-column elementor-col-66 elementor-inner-column elementor-element elementor-element-22574b9\" data-id=\"22574b9\" data-element_type=\"column\">\n\t\t\t<div class=\"elementor-widget-wrap elementor-element-populated\">\n\t\t\t\t\t\t<div class=\"elementor-element elementor-element-681194e elementor-widget elementor-widget-image\" data-id=\"681194e\" data-element_type=\"widget\" data-widget_type=\"image.default\">\n\t\t\t\t<div class=\"elementor-widget-container\">\n\t\t\t\t\t\t\t\t\t\t\t\t\t<img fetchpriority=\"high\" decoding=\"async\" width=\"1024\" height=\"684\" src=\"http:\/\/pasionycorazon.org\/wp-content\/uploads\/2022\/04\/filarmonica_metropolitana-1024x684.jpg\" class=\"attachment-large size-large wp-image-3171\" alt=\"Filarm\u00f3nica\" srcset=\"http:\/\/pasionycorazon.org\/wp-content\/uploads\/2022\/04\/filarmonica_metropolitana-1024x684.jpg 1024w, http:\/\/pasionycorazon.org\/wp-content\/uploads\/2022\/04\/filarmonica_metropolitana-300x200.jpg 300w, http:\/\/pasionycorazon.org\/wp-content\/uploads\/2022\/04\/filarmonica_metropolitana-768x513.jpg 768w, http:\/\/pasionycorazon.org\/wp-content\/uploads\/2022\/04\/filarmonica_metropolitana.jpg 1080w\" sizes=\"(max-width: 1024px) 100vw, 1024px\" \/>\t\t\t\t\t\t\t\t\t\t\t\t\t<\/div>\n\t\t\t\t<\/div>\n\t\t\t\t\t<\/div>\n\t\t<\/div>\n\t\t\t\t\t<\/div>\n\t\t<\/section>\n\t\t\t\t\t<\/div>\n\t\t<\/div>\n\t\t\t\t\t<\/div>\n\t\t<\/section>\n\t\t\t\t<section class=\"elementor-section elementor-top-section elementor-element elementor-element-jbuzmw1 elementor-section-boxed elementor-section-height-default elementor-section-height-default\" data-id=\"jbuzmw1\" data-element_type=\"section\">\n\t\t\t\t\t\t<div class=\"elementor-container elementor-column-gap-no\">\n\t\t\t\t\t<div class=\"elementor-column elementor-col-100 elementor-top-column elementor-element elementor-element-730f282\" data-id=\"730f282\" data-element_type=\"column\">\n\t\t\t<div class=\"elementor-widget-wrap elementor-element-populated\">\n\t\t\t\t\t\t<section class=\"elementor-section elementor-inner-section elementor-element elementor-element-be5dae5 elementor-section-content-middle elementor-section-boxed elementor-section-height-default elementor-section-height-default\" data-id=\"be5dae5\" data-element_type=\"section\">\n\t\t\t\t\t\t<div class=\"elementor-container elementor-column-gap-no\">\n\t\t\t\t\t<div class=\"elementor-column elementor-col-66 elementor-inner-column elementor-element elementor-element-956409c\" data-id=\"956409c\" data-element_type=\"column\">\n\t\t\t<div class=\"elementor-widget-wrap elementor-element-populated\">\n\t\t\t\t\t\t<div class=\"elementor-element elementor-element-d1ee831 elementor-widget elementor-widget-image\" data-id=\"d1ee831\" data-element_type=\"widget\" data-widget_type=\"image.default\">\n\t\t\t\t<div class=\"elementor-widget-container\">\n\t\t\t\t\t\t\t\t\t\t\t\t\t<img decoding=\"async\" width=\"1024\" height=\"856\" src=\"http:\/\/pasionycorazon.org\/wp-content\/uploads\/2022\/04\/Filarmonica_embera-1024x856.jpg\" class=\"attachment-large size-large wp-image-3175\" alt=\"Filarmonica_embera\" srcset=\"http:\/\/pasionycorazon.org\/wp-content\/uploads\/2022\/04\/Filarmonica_embera-1024x856.jpg 1024w, http:\/\/pasionycorazon.org\/wp-content\/uploads\/2022\/04\/Filarmonica_embera-300x251.jpg 300w, http:\/\/pasionycorazon.org\/wp-content\/uploads\/2022\/04\/Filarmonica_embera-768x642.jpg 768w, http:\/\/pasionycorazon.org\/wp-content\/uploads\/2022\/04\/Filarmonica_embera.jpg 1080w\" sizes=\"(max-width: 1024px) 100vw, 1024px\" \/>\t\t\t\t\t\t\t\t\t\t\t\t\t<\/div>\n\t\t\t\t<\/div>\n\t\t\t\t\t<\/div>\n\t\t<\/div>\n\t\t\t\t<div class=\"elementor-column elementor-col-33 elementor-inner-column elementor-element elementor-element-c8e4280\" data-id=\"c8e4280\" data-element_type=\"column\" data-settings=\"{&quot;background_background&quot;:&quot;classic&quot;}\">\n\t\t\t<div class=\"elementor-widget-wrap elementor-element-populated\">\n\t\t\t\t\t\t<div class=\"elementor-element elementor-element-e78335d elementor-widget elementor-widget-heading\" data-id=\"e78335d\" data-element_type=\"widget\" data-widget_type=\"heading.default\">\n\t\t\t\t<div class=\"elementor-widget-container\">\n\t\t\t<h3 class=\"elementor-heading-title elementor-size-default\">Filarm\u00f3nica Emb\u00ear\u00e1  Cham\u00ed<br><\/h3>\t\t<\/div>\n\t\t\t\t<\/div>\n\t\t\t\t<div class=\"elementor-element elementor-element-51a22ff elementor-widget elementor-widget-text-editor\" data-id=\"51a22ff\" data-element_type=\"widget\" data-widget_type=\"text-editor.default\">\n\t\t\t\t<div class=\"elementor-widget-container\">\n\t\t\t\t\t\t\t<p class=\"p1\">Nace en el a\u00f1o 2019 en el municipio de Valpara\u00edso, Antioquia, en el Resguardo Ind\u00edgena Marcelino Tasc\u00f3n de la comunidad Embera Cham\u00ed, ha contado con la participaci\u00f3n de m\u00e1s de<span class=\"Apple-converted-space\">\u00a0 <\/span>60 ni\u00f1os, ni\u00f1as y j\u00f3venes durante su trayectoria. Buscamos apostar por el restablecimiento de los derechos culturales de la comunidad desde la revitalizaci\u00f3n de la lengua y los saberes ancestrales, con \u00e9nfasis en la m\u00fasica medicina, formaci\u00f3n en la interpretaci\u00f3n de instrumentos y t\u00e9cnica vocal.<span class=\"Apple-converted-space\">\u00a0<\/span><\/p><p class=\"p1\"><span class=\"s1\">Cantidad de beneficiarios:<\/span> 60 ni\u00f1os, ni\u00f1as y j\u00f3venes ind\u00edgenas<br \/><span class=\"s1\">\u00c1rea de influencia<\/span>: Resguardo Marcelino Tasc\u00f3n, Valpara\u00edso, Ant. <\/p>\t\t\t\t\t\t<\/div>\n\t\t\t\t<\/div>\n\t\t\t\t<div class=\"elementor-element elementor-element-e7b2a21 elementor-shape-circle e-grid-align-right elementor-grid-0 elementor-widget elementor-widget-social-icons\" data-id=\"e7b2a21\" data-element_type=\"widget\" data-widget_type=\"social-icons.default\">\n\t\t\t\t<div class=\"elementor-widget-container\">\n\t\t\t\t\t<div class=\"elementor-social-icons-wrapper elementor-grid\">\n\t\t\t\t\t\t\t<span class=\"elementor-grid-item\">\n\t\t\t\t\t<a class=\"elementor-icon elementor-social-icon elementor-social-icon-instagram elementor-repeater-item-983f410\" href=\"https:\/\/www.instagram.com\/filarmonicaemberachami\/%20\" target=\"_blank\">\n\t\t\t\t\t\t<span class=\"elementor-screen-only\">Instagram<\/span>\n\t\t\t\t\t\t<i class=\"fab fa-instagram\"><\/i>\t\t\t\t\t<\/a>\n\t\t\t\t<\/span>\n\t\t\t\t\t<\/div>\n\t\t\t\t<\/div>\n\t\t\t\t<\/div>\n\t\t\t\t\t<\/div>\n\t\t<\/div>\n\t\t\t\t\t<\/div>\n\t\t<\/section>\n\t\t\t\t<section class=\"elementor-section elementor-inner-section elementor-element elementor-element-3e4e694 elementor-section-content-middle elementor-reverse-tablet elementor-reverse-mobile elementor-section-boxed elementor-section-height-default elementor-section-height-default\" data-id=\"3e4e694\" data-element_type=\"section\">\n\t\t\t\t\t\t<div class=\"elementor-container elementor-column-gap-no\">\n\t\t\t\t\t<div class=\"elementor-column elementor-col-33 elementor-inner-column elementor-element elementor-element-d4d12d3\" data-id=\"d4d12d3\" data-element_type=\"column\" data-settings=\"{&quot;background_background&quot;:&quot;classic&quot;}\">\n\t\t\t<div class=\"elementor-widget-wrap elementor-element-populated\">\n\t\t\t\t\t\t<div class=\"elementor-element elementor-element-02990d7 elementor-widget elementor-widget-heading\" data-id=\"02990d7\" data-element_type=\"widget\" data-widget_type=\"heading.default\">\n\t\t\t\t<div class=\"elementor-widget-container\">\n\t\t\t<h2 class=\"elementor-heading-title elementor-size-default\">Filarm\u00f3nica negra<\/h2>\t\t<\/div>\n\t\t\t\t<\/div>\n\t\t\t\t<div class=\"elementor-element elementor-element-fdaeba5 elementor-widget elementor-widget-text-editor\" data-id=\"fdaeba5\" data-element_type=\"widget\" data-widget_type=\"text-editor.default\">\n\t\t\t\t<div class=\"elementor-widget-container\">\n\t\t\t\t\t\t\t<p class=\"p1\">n el corregimiento de Uveros del municipio de San Juan de Urab\u00e1, Antioquia, nace la Escuela de M\u00fasica Uveros en el a\u00f1o 2016, a la fecha han participado 46 ni\u00f1os, ni\u00f1as y j\u00f3venes. Desde Pasi\u00f3n &amp; Coraz\u00f3n, adoptamos el proceso musical que se viene adelantando respondiendo al contexto cultural afrocolombiano, fomentando la m\u00fasica desde ritmos como el bullerengue y el vallenato, a partir del fortalecimiento en la interpretaci\u00f3n de los instrumentos de vientos y percusi\u00f3n tradicional.<span class=\"Apple-converted-space\">\u00a0<\/span><\/p><p class=\"p1\"><span class=\"s1\">Cantidad de beneficiarios:<\/span> 60 ni\u00f1os, ni\u00f1as y j\u00f3venes ind\u00edgenas<br \/><span class=\"s1\">\u00c1rea de influencia<\/span>: Vereda Uveros, San Juan de Urab\u00e1, Ant.<\/p>\t\t\t\t\t\t<\/div>\n\t\t\t\t<\/div>\n\t\t\t\t<div class=\"elementor-element elementor-element-9ff85d6 elementor-shape-circle e-grid-align-right elementor-grid-0 elementor-widget elementor-widget-social-icons\" data-id=\"9ff85d6\" data-element_type=\"widget\" data-widget_type=\"social-icons.default\">\n\t\t\t\t<div class=\"elementor-widget-container\">\n\t\t\t\t\t<div class=\"elementor-social-icons-wrapper elementor-grid\">\n\t\t\t\t\t\t\t<span class=\"elementor-grid-item\">\n\t\t\t\t\t<a class=\"elementor-icon elementor-social-icon elementor-social-icon-instagram elementor-repeater-item-9c84a0d\" href=\"https:\/\/www.instagram.com\/filarmonicanegra\/%20\" target=\"_blank\">\n\t\t\t\t\t\t<span class=\"elementor-screen-only\">Instagram<\/span>\n\t\t\t\t\t\t<i class=\"fab fa-instagram\"><\/i>\t\t\t\t\t<\/a>\n\t\t\t\t<\/span>\n\t\t\t\t\t<\/div>\n\t\t\t\t<\/div>\n\t\t\t\t<\/div>\n\t\t\t\t\t<\/div>\n\t\t<\/div>\n\t\t\t\t<div class=\"elementor-column elementor-col-66 elementor-inner-column elementor-element elementor-element-22574b9\" data-id=\"22574b9\" data-element_type=\"column\">\n\t\t\t<div class=\"elementor-widget-wrap elementor-element-populated\">\n\t\t\t\t\t\t<div class=\"elementor-element elementor-element-681194e elementor-widget elementor-widget-image\" data-id=\"681194e\" data-element_type=\"widget\" data-widget_type=\"image.default\">\n\t\t\t\t<div class=\"elementor-widget-container\">\n\t\t\t\t\t\t\t\t\t\t\t\t\t<img decoding=\"async\" width=\"1024\" height=\"684\" src=\"http:\/\/pasionycorazon.org\/wp-content\/uploads\/2023\/02\/embera-negra_-79-1024x684.jpg\" class=\"attachment-large size-large wp-image-3258\" alt=\"\" srcset=\"http:\/\/pasionycorazon.org\/wp-content\/uploads\/2023\/02\/embera-negra_-79-1024x684.jpg 1024w, http:\/\/pasionycorazon.org\/wp-content\/uploads\/2023\/02\/embera-negra_-79-300x200.jpg 300w, http:\/\/pasionycorazon.org\/wp-content\/uploads\/2023\/02\/embera-negra_-79-768x513.jpg 768w, http:\/\/pasionycorazon.org\/wp-content\/uploads\/2023\/02\/embera-negra_-79-1536x1025.jpg 1536w, http:\/\/pasionycorazon.org\/wp-content\/uploads\/2023\/02\/embera-negra_-79-2048x1367.jpg 2048w\" sizes=\"(max-width: 1024px) 100vw, 1024px\" \/>\t\t\t\t\t\t\t\t\t\t\t\t\t<\/div>\n\t\t\t\t<\/div>\n\t\t\t\t\t<\/div>\n\t\t<\/div>\n\t\t\t\t\t<\/div>\n\t\t<\/section>\n\t\t\t\t\t<\/div>\n\t\t<\/div>\n\t\t\t\t\t<\/div>\n\t\t<\/section>\n\t\t\t\t<section class=\"elementor-section elementor-top-section elementor-element elementor-element-bnjb1vn elementor-section-boxed elementor-section-height-default elementor-section-height-default\" data-id=\"bnjb1vn\" data-element_type=\"section\">\n\t\t\t\t\t\t<div class=\"elementor-container elementor-column-gap-no\">\n\t\t\t\t\t<div class=\"elementor-column elementor-col-100 elementor-top-column elementor-element elementor-element-730f282\" data-id=\"730f282\" data-element_type=\"column\">\n\t\t\t<div class=\"elementor-widget-wrap elementor-element-populated\">\n\t\t\t\t\t\t<section class=\"elementor-section elementor-inner-section elementor-element elementor-element-3e4e694 elementor-section-content-middle elementor-reverse-tablet elementor-reverse-mobile elementor-section-boxed elementor-section-height-default elementor-section-height-default\" data-id=\"3e4e694\" data-element_type=\"section\">\n\t\t\t\t\t\t<div class=\"elementor-container elementor-column-gap-no\">\n\t\t\t\t\t<div class=\"elementor-column elementor-col-33 elementor-inner-column elementor-element elementor-element-d4d12d3\" data-id=\"d4d12d3\" data-element_type=\"column\" data-settings=\"{&quot;background_background&quot;:&quot;classic&quot;}\">\n\t\t\t<div class=\"elementor-widget-wrap elementor-element-populated\">\n\t\t\t\t\t\t<div class=\"elementor-element elementor-element-02990d7 elementor-widget elementor-widget-heading\" data-id=\"02990d7\" data-element_type=\"widget\" data-widget_type=\"heading.default\">\n\t\t\t\t<div class=\"elementor-widget-container\">\n\t\t\t<h2 class=\"elementor-heading-title elementor-size-default\">FILARM\u00d3NICA Way\u00fau Wepiapaa<\/h2>\t\t<\/div>\n\t\t\t\t<\/div>\n\t\t\t\t<div class=\"elementor-element elementor-element-fdaeba5 elementor-widget elementor-widget-text-editor\" data-id=\"fdaeba5\" data-element_type=\"widget\" data-widget_type=\"text-editor.default\">\n\t\t\t\t<div class=\"elementor-widget-container\">\n\t\t\t\t\t\t\t<p class=\"p1\">Esta orquesta escuela nace en el a\u00f1o 2022 en la comunidad Way\u00fau de Wepiapaa, busca fortalecer, por medio de instrumentos sinf\u00f3nicos y tradicionales, su m\u00fasica ancestral, con la participaci\u00f3n activa de ni\u00f1as, ni\u00f1os, j\u00f3venes y mujeres que apuestan por afianzar su riqueza cultural y as\u00ed asegurar la continuidad y pervivencia de estos saberes.<span class=\"Apple-converted-space\">\u00a0<\/span><\/p><p class=\"p1\"><span class=\"s1\">Cantidad de beneficiarios:<\/span> 50 ni\u00f1os, ni\u00f1as y j\u00f3venes way\u00fau<br \/><span class=\"s1\">\u00c1rea de influencia<\/span>: Comunidad Way\u00fau de Wepiapaa, Dibulla, La Guajira<\/p>\t\t\t\t\t\t<\/div>\n\t\t\t\t<\/div>\n\t\t\t\t<div class=\"elementor-element elementor-element-1897e21 elementor-shape-circle e-grid-align-right elementor-grid-0 elementor-widget elementor-widget-social-icons\" data-id=\"1897e21\" data-element_type=\"widget\" data-widget_type=\"social-icons.default\">\n\t\t\t\t<div class=\"elementor-widget-container\">\n\t\t\t\t\t<div class=\"elementor-social-icons-wrapper elementor-grid\">\n\t\t\t\t\t\t\t<span class=\"elementor-grid-item\">\n\t\t\t\t\t<a class=\"elementor-icon elementor-social-icon elementor-social-icon-instagram elementor-repeater-item-1d6695b\" href=\"https:\/\/www.instagram.com\/filarmonicawayuuwepiapaa\/%20\" target=\"_blank\">\n\t\t\t\t\t\t<span class=\"elementor-screen-only\">Instagram<\/span>\n\t\t\t\t\t\t<i class=\"fab fa-instagram\"><\/i>\t\t\t\t\t<\/a>\n\t\t\t\t<\/span>\n\t\t\t\t\t<\/div>\n\t\t\t\t<\/div>\n\t\t\t\t<\/div>\n\t\t\t\t\t<\/div>\n\t\t<\/div>\n\t\t\t\t<div class=\"elementor-column elementor-col-66 elementor-inner-column elementor-element elementor-element-22574b9\" data-id=\"22574b9\" data-element_type=\"column\">\n\t\t\t<div class=\"elementor-widget-wrap elementor-element-populated\">\n\t\t\t\t\t\t<div class=\"elementor-element elementor-element-681194e elementor-widget elementor-widget-image\" data-id=\"681194e\" data-element_type=\"widget\" data-widget_type=\"image.default\">\n\t\t\t\t<div class=\"elementor-widget-container\">\n\t\t\t\t\t\t\t\t\t\t\t\t\t<img loading=\"lazy\" decoding=\"async\" width=\"1024\" height=\"772\" src=\"http:\/\/pasionycorazon.org\/wp-content\/uploads\/2023\/02\/Filarmo\u0301nica-Wayu\u0301u-1024x772.jpg\" class=\"attachment-large size-large wp-image-3352\" alt=\"\" srcset=\"http:\/\/pasionycorazon.org\/wp-content\/uploads\/2023\/02\/Filarmo\u0301nica-Wayu\u0301u-1024x772.jpg 1024w, http:\/\/pasionycorazon.org\/wp-content\/uploads\/2023\/02\/Filarmo\u0301nica-Wayu\u0301u-300x226.jpg 300w, http:\/\/pasionycorazon.org\/wp-content\/uploads\/2023\/02\/Filarmo\u0301nica-Wayu\u0301u-768x579.jpg 768w, http:\/\/pasionycorazon.org\/wp-content\/uploads\/2023\/02\/Filarmo\u0301nica-Wayu\u0301u-1536x1158.jpg 1536w, http:\/\/pasionycorazon.org\/wp-content\/uploads\/2023\/02\/Filarmo\u0301nica-Wayu\u0301u.jpg 1916w\" sizes=\"(max-width: 1024px) 100vw, 1024px\" \/>\t\t\t\t\t\t\t\t\t\t\t\t\t<\/div>\n\t\t\t\t<\/div>\n\t\t\t\t\t<\/div>\n\t\t<\/div>\n\t\t\t\t\t<\/div>\n\t\t<\/section>\n\t\t\t\t\t<\/div>\n\t\t<\/div>\n\t\t\t\t\t<\/div>\n\t\t<\/section>\n\t\t\t\t<section class=\"elementor-section elementor-top-section elementor-element elementor-element-nmyyjmz elementor-section-boxed elementor-section-height-default elementor-section-height-default\" data-id=\"nmyyjmz\" data-element_type=\"section\">\n\t\t\t\t\t\t<div class=\"elementor-container elementor-column-gap-no\">\n\t\t\t\t\t<div class=\"elementor-column elementor-col-100 elementor-top-column elementor-element elementor-element-730f282\" data-id=\"730f282\" data-element_type=\"column\">\n\t\t\t<div class=\"elementor-widget-wrap elementor-element-populated\">\n\t\t\t\t\t\t<section class=\"elementor-section elementor-inner-section elementor-element elementor-element-be5dae5 elementor-section-content-middle elementor-section-boxed elementor-section-height-default elementor-section-height-default\" data-id=\"be5dae5\" data-element_type=\"section\">\n\t\t\t\t\t\t<div class=\"elementor-container elementor-column-gap-no\">\n\t\t\t\t\t<div class=\"elementor-column elementor-col-66 elementor-inner-column elementor-element elementor-element-956409c\" data-id=\"956409c\" data-element_type=\"column\">\n\t\t\t<div class=\"elementor-widget-wrap elementor-element-populated\">\n\t\t\t\t\t\t<div class=\"elementor-element elementor-element-d1ee831 elementor-widget elementor-widget-image\" data-id=\"d1ee831\" data-element_type=\"widget\" data-widget_type=\"image.default\">\n\t\t\t\t<div class=\"elementor-widget-container\">\n\t\t\t\t\t\t\t\t\t\t\t\t\t<img loading=\"lazy\" decoding=\"async\" width=\"1024\" height=\"576\" src=\"http:\/\/pasionycorazon.org\/wp-content\/uploads\/2023\/02\/A-Fuego-Lento-1024x576.jpg\" class=\"attachment-large size-large wp-image-3346\" alt=\"\" srcset=\"http:\/\/pasionycorazon.org\/wp-content\/uploads\/2023\/02\/A-Fuego-Lento-1024x576.jpg 1024w, http:\/\/pasionycorazon.org\/wp-content\/uploads\/2023\/02\/A-Fuego-Lento-300x169.jpg 300w, http:\/\/pasionycorazon.org\/wp-content\/uploads\/2023\/02\/A-Fuego-Lento-768x432.jpg 768w, http:\/\/pasionycorazon.org\/wp-content\/uploads\/2023\/02\/A-Fuego-Lento.jpg 1200w\" sizes=\"(max-width: 1024px) 100vw, 1024px\" \/>\t\t\t\t\t\t\t\t\t\t\t\t\t<\/div>\n\t\t\t\t<\/div>\n\t\t\t\t\t<\/div>\n\t\t<\/div>\n\t\t\t\t<div class=\"elementor-column elementor-col-33 elementor-inner-column elementor-element elementor-element-c8e4280\" data-id=\"c8e4280\" data-element_type=\"column\" data-settings=\"{&quot;background_background&quot;:&quot;classic&quot;}\">\n\t\t\t<div class=\"elementor-widget-wrap elementor-element-populated\">\n\t\t\t\t\t\t<div class=\"elementor-element elementor-element-e78335d elementor-widget elementor-widget-heading\" data-id=\"e78335d\" data-element_type=\"widget\" data-widget_type=\"heading.default\">\n\t\t\t\t<div class=\"elementor-widget-container\">\n\t\t\t<h3 class=\"elementor-heading-title elementor-size-default\">A fuego lento Orquesta<\/h3>\t\t<\/div>\n\t\t\t\t<\/div>\n\t\t\t\t<div class=\"elementor-element elementor-element-51a22ff elementor-widget elementor-widget-text-editor\" data-id=\"51a22ff\" data-element_type=\"widget\" data-widget_type=\"text-editor.default\">\n\t\t\t\t<div class=\"elementor-widget-container\">\n\t\t\t\t\t\t\t<p class=\"p1\">En el a\u00f1o 2021 nace A Fuego Lento Orquesta, integrada por 6 j\u00f3venes de la ciudad de Medell\u00edn, apasionados por el tango y la preservaci\u00f3n del g\u00e9nero en las nuevas generaciones. De la mano de Pasi\u00f3n &amp; Coraz\u00f3n han fortalecido su visibilidad a nivel local, logrando reconocimiento en la escena y marcando precedente con su amplio repertorio y apasionada ejecuci\u00f3n, transmitiendo el poder del tango en cada nota.<\/p>\t\t\t\t\t\t<\/div>\n\t\t\t\t<\/div>\n\t\t\t\t<div class=\"elementor-element elementor-element-c49551b elementor-shape-circle e-grid-align-left elementor-grid-0 elementor-widget elementor-widget-social-icons\" data-id=\"c49551b\" data-element_type=\"widget\" data-widget_type=\"social-icons.default\">\n\t\t\t\t<div class=\"elementor-widget-container\">\n\t\t\t\t\t<div class=\"elementor-social-icons-wrapper elementor-grid\">\n\t\t\t\t\t\t\t<span class=\"elementor-grid-item\">\n\t\t\t\t\t<a class=\"elementor-icon elementor-social-icon elementor-social-icon-instagram elementor-repeater-item-0f9e1fa\" href=\"https:\/\/www.instagram.com\/afuegolentoorquesta\/\" target=\"_blank\">\n\t\t\t\t\t\t<span class=\"elementor-screen-only\">Instagram<\/span>\n\t\t\t\t\t\t<i class=\"fab fa-instagram\"><\/i>\t\t\t\t\t<\/a>\n\t\t\t\t<\/span>\n\t\t\t\t\t<\/div>\n\t\t\t\t<\/div>\n\t\t\t\t<\/div>\n\t\t\t\t\t<\/div>\n\t\t<\/div>\n\t\t\t\t\t<\/div>\n\t\t<\/section>\n\t\t\t\t\t<\/div>\n\t\t<\/div>\n\t\t\t\t\t<\/div>\n\t\t<\/section>\n\t\t\t\t<section class=\"elementor-section elementor-top-section elementor-element elementor-element-wiwdio0 elementor-section-boxed elementor-section-height-default elementor-section-height-default\" data-id=\"wiwdio0\" data-element_type=\"section\">\n\t\t\t\t\t\t<div class=\"elementor-container elementor-column-gap-no\">\n\t\t\t\t\t<div class=\"elementor-column elementor-col-100 elementor-top-column elementor-element elementor-element-730f282\" data-id=\"730f282\" data-element_type=\"column\">\n\t\t\t<div class=\"elementor-widget-wrap elementor-element-populated\">\n\t\t\t\t\t\t<section class=\"elementor-section elementor-inner-section elementor-element elementor-element-be5dae5 elementor-section-content-middle elementor-section-boxed elementor-section-height-default elementor-section-height-default\" data-id=\"be5dae5\" data-element_type=\"section\">\n\t\t\t\t\t\t<div class=\"elementor-container elementor-column-gap-no\">\n\t\t\t\t\t<div class=\"elementor-column elementor-col-66 elementor-inner-column elementor-element elementor-element-956409c\" data-id=\"956409c\" data-element_type=\"column\">\n\t\t\t<div class=\"elementor-widget-wrap elementor-element-populated\">\n\t\t\t\t\t\t<div class=\"elementor-element elementor-element-d1ee831 elementor-widget elementor-widget-image\" data-id=\"d1ee831\" data-element_type=\"widget\" data-widget_type=\"image.default\">\n\t\t\t\t<div class=\"elementor-widget-container\">\n\t\t\t\t\t\t\t\t\t\t\t\t\t<img loading=\"lazy\" decoding=\"async\" width=\"1024\" height=\"576\" src=\"http:\/\/pasionycorazon.org\/wp-content\/uploads\/2023\/02\/Festival-Musical-de-Antioquia-1024x576.jpg\" class=\"attachment-large size-large wp-image-3344\" alt=\"\" srcset=\"http:\/\/pasionycorazon.org\/wp-content\/uploads\/2023\/02\/Festival-Musical-de-Antioquia-1024x576.jpg 1024w, http:\/\/pasionycorazon.org\/wp-content\/uploads\/2023\/02\/Festival-Musical-de-Antioquia-300x169.jpg 300w, http:\/\/pasionycorazon.org\/wp-content\/uploads\/2023\/02\/Festival-Musical-de-Antioquia-768x432.jpg 768w, http:\/\/pasionycorazon.org\/wp-content\/uploads\/2023\/02\/Festival-Musical-de-Antioquia.jpg 1200w\" sizes=\"(max-width: 1024px) 100vw, 1024px\" \/>\t\t\t\t\t\t\t\t\t\t\t\t\t<\/div>\n\t\t\t\t<\/div>\n\t\t\t\t\t<\/div>\n\t\t<\/div>\n\t\t\t\t<div class=\"elementor-column elementor-col-33 elementor-inner-column elementor-element elementor-element-c8e4280\" data-id=\"c8e4280\" data-element_type=\"column\" data-settings=\"{&quot;background_background&quot;:&quot;classic&quot;}\">\n\t\t\t<div class=\"elementor-widget-wrap elementor-element-populated\">\n\t\t\t\t\t\t<div class=\"elementor-element elementor-element-e78335d elementor-widget elementor-widget-heading\" data-id=\"e78335d\" data-element_type=\"widget\" data-widget_type=\"heading.default\">\n\t\t\t\t<div class=\"elementor-widget-container\">\n\t\t\t<h3 class=\"elementor-heading-title elementor-size-default\">Festival musical de Antioquia<\/h3>\t\t<\/div>\n\t\t\t\t<\/div>\n\t\t\t\t<div class=\"elementor-element elementor-element-1b65755 elementor-widget-divider--view-line elementor-widget elementor-widget-divider\" data-id=\"1b65755\" data-element_type=\"widget\" data-widget_type=\"divider.default\">\n\t\t\t\t<div class=\"elementor-widget-container\">\n\t\t\t\t\t<div class=\"elementor-divider\">\n\t\t\t<span class=\"elementor-divider-separator\">\n\t\t\t\t\t\t<\/span>\n\t\t<\/div>\n\t\t\t\t<\/div>\n\t\t\t\t<\/div>\n\t\t\t\t<div class=\"elementor-element elementor-element-51a22ff elementor-widget elementor-widget-text-editor\" data-id=\"51a22ff\" data-element_type=\"widget\" data-widget_type=\"text-editor.default\">\n\t\t\t\t<div class=\"elementor-widget-container\">\n\t\t\t\t\t\t\t<p class=\"p1\">Nace en el a\u00f1o 2020, como iniciativa de Pasi\u00f3n &amp; Coraz\u00f3n, tiene como objetivo convocar agrupaciones reconocidas por su alta calidad art\u00edstica y humana, para ofrecer a diferentes municipios y comunidades del departamento, una temporada itinerante de conciertos de m\u00faltiples g\u00e9neros y formatos musicales. Este ha contado en sus dos versiones con m\u00e1s de 300 artistas y 30 agrupaciones, tanto nacionales como internacionales.<\/p>\t\t\t\t\t\t<\/div>\n\t\t\t\t<\/div>\n\t\t\t\t<div class=\"elementor-element elementor-element-1fbbcd9 elementor-shape-circle e-grid-align-right elementor-grid-0 elementor-widget elementor-widget-social-icons\" data-id=\"1fbbcd9\" data-element_type=\"widget\" data-widget_type=\"social-icons.default\">\n\t\t\t\t<div class=\"elementor-widget-container\">\n\t\t\t\t\t<div class=\"elementor-social-icons-wrapper elementor-grid\">\n\t\t\t\t\t\t\t<span class=\"elementor-grid-item\">\n\t\t\t\t\t<a class=\"elementor-icon elementor-social-icon elementor-social-icon-instagram elementor-repeater-item-15facaf\" href=\"https:\/\/www.instagram.com\/antioquiafest\/\" target=\"_blank\">\n\t\t\t\t\t\t<span class=\"elementor-screen-only\">Instagram<\/span>\n\t\t\t\t\t\t<i class=\"fab fa-instagram\"><\/i>\t\t\t\t\t<\/a>\n\t\t\t\t<\/span>\n\t\t\t\t\t<\/div>\n\t\t\t\t<\/div>\n\t\t\t\t<\/div>\n\t\t\t\t\t<\/div>\n\t\t<\/div>\n\t\t\t\t\t<\/div>\n\t\t<\/section>\n\t\t\t\t\t<\/div>\n\t\t<\/div>\n\t\t\t\t\t<\/div>\n\t\t<\/section>\n\t\t\t\t<\/div>\n\t\t","protected":false},"excerpt":{"rendered":"<p>Nuestros Proyectos Filarm\u00f3nica Metropolitana La Filarm\u00f3nica Metropolitana nace en la Comuna 4, Aranjuez, en la ciudad de Medell\u00edn. En nuestros 5 a\u00f1os de trayectoria hemos contado con la participaci\u00f3n de m\u00e1s de 300 m\u00fasicos que provienen de los diferentes municipios del Valle de Aburr\u00e1 y del resto del departamento de Antioquia. Trabajamos en la producci\u00f3n, &hellip;<\/p>\n<p class=\"read-more\"> <a class=\"\" href=\"http:\/\/pasionycorazon.org\/index.php\/proyectos\/\"> <span class=\"screen-reader-text\">Proyectos<\/span> Leer m\u00e1s &raquo;<\/a><\/p>\n","protected":false},"author":1,"featured_media":0,"parent":0,"menu_order":0,"comment_status":"closed","ping_status":"closed","template":"elementor_header_footer","meta":{"site-sidebar-layout":"default","site-content-layout":"default","ast-global-header-display":"","ast-main-header-display":"","ast-hfb-above-header-display":"","ast-hfb-below-header-display":"","ast-hfb-mobile-header-display":"","site-post-title":"","ast-breadcrumbs-content":"","ast-featured-img":"","footer-sml-layout":"","theme-transparent-header-meta":"","adv-header-id-meta":"","stick-header-meta":"","header-above-stick-meta":"","header-main-stick-meta":"","header-below-stick-meta":"","footnotes":""},"class_list":["post-3014","page","type-page","status-publish","hentry"],"_links":{"self":[{"href":"http:\/\/pasionycorazon.org\/index.php\/wp-json\/wp\/v2\/pages\/3014","targetHints":{"allow":["GET"]}}],"collection":[{"href":"http:\/\/pasionycorazon.org\/index.php\/wp-json\/wp\/v2\/pages"}],"about":[{"href":"http:\/\/pasionycorazon.org\/index.php\/wp-json\/wp\/v2\/types\/page"}],"author":[{"embeddable":true,"href":"http:\/\/pasionycorazon.org\/index.php\/wp-json\/wp\/v2\/users\/1"}],"replies":[{"embeddable":true,"href":"http:\/\/pasionycorazon.org\/index.php\/wp-json\/wp\/v2\/comments?post=3014"}],"version-history":[{"count":71,"href":"http:\/\/pasionycorazon.org\/index.php\/wp-json\/wp\/v2\/pages\/3014\/revisions"}],"predecessor-version":[{"id":3380,"href":"http:\/\/pasionycorazon.org\/index.php\/wp-json\/wp\/v2\/pages\/3014\/revisions\/3380"}],"wp:attachment":[{"href":"http:\/\/pasionycorazon.org\/index.php\/wp-json\/wp\/v2\/media?parent=3014"}],"curies":[{"name":"wp","href":"https:\/\/api.w.org\/{rel}","templated":true}]}}